{"id":975,"date":"2026-03-06T18:03:08","date_gmt":"2026-03-06T22:03:08","guid":{"rendered":"https:\/\/s3d-print.com\/?page_id=975"},"modified":"2026-03-07T16:15:26","modified_gmt":"2026-03-07T20:15:26","slug":"conditions-generales-de-vente-cgv","status":"publish","type":"page","link":"https:\/\/s3d-print.com\/?page_id=975","title":{"rendered":"Conditions G\u00e9n\u00e9rales de Vente (CGV)"},"content":{"rendered":"\n<p class=\"has-text-align-center has-text-color has-link-color wp-elements-1 wp-block-paragraph\" style=\"color:#17343c\"><strong>CONDITIONS G\u00c9N\u00c9RALES DE VENTE (CGV)<\/strong><\/p>\n\n\n\n<p class=\"has-text-align-center has-text-color has-link-color wp-elements-2 wp-block-paragraph\" style=\"color:#17343c\">Site : <strong>s3d-print.com<\/strong><\/p>\n\n\n\n<p class=\"has-text-align-center has-text-color has-link-color wp-elements-3 wp-block-paragraph\" style=\"color:#17343c\">Derni\u00e8re mise \u00e0 jour : 06\/03\/2026<\/p>\n\n\n\n<p class=\"wp-block-paragraph\"><\/p>\n\n\n\n<p class=\"wp-block-paragraph\"><\/p>\n\n\n\n<p class=\"has-text-color has-link-color wp-elements-4 wp-block-paragraph\" style=\"color:#17343c\"><strong>1 &#8211; Identit\u00e9 du vendeur<\/strong><\/p>\n\n\n\n<p class=\"has-text-color has-link-color wp-elements-5 wp-block-paragraph\" style=\"color:#17343c;font-size:16px\">Les pr\u00e9sentes Conditions G\u00e9n\u00e9rales de Vente sont propos\u00e9es par :<\/p>\n\n\n\n<ul class=\"wp-block-list\">\n<li class=\"has-text-color has-link-color wp-elements-6\" style=\"color:#17343c;font-size:16px\">Nom \/ Raison sociale : S3D-PRINT<\/li>\n\n\n\n<li class=\"has-text-color has-link-color wp-elements-7\" style=\"color:#17343c;font-size:16px\">Statut juridique : Auto-Entreprise<\/li>\n\n\n\n<li class=\"has-text-color has-link-color wp-elements-8\" style=\"color:#17343c;font-size:16px\">SIRET : 52342533800028<\/li>\n\n\n\n<li class=\"has-text-color has-link-color wp-elements-9\" style=\"color:#17343c;font-size:16px\">Adresse : 29 domaine Tuscany 97118 Saint Fran\u00e7ois<\/li>\n\n\n\n<li class=\"has-text-color has-link-color wp-elements-10\" style=\"color:#17343c;font-size:16px\">Email : contact@s3d-print.com<\/li>\n\n\n\n<li class=\"has-text-color has-link-color wp-elements-11\" style=\"color:#17343c;font-size:16px\">Site internet : s3d-print.com<\/li>\n<\/ul>\n\n\n\n<p class=\"wp-block-paragraph\" style=\"font-size:16px\">Ci apr\u00e8s d\u00e9nomm\u00e9 \u00ab\u00a0le Vendeur\u00a0\u00bb<\/p>\n\n\n\n<p class=\"has-text-color has-link-color wp-elements-12 wp-block-paragraph\" style=\"color:#17343c\"><strong>2 &#8211; Objet<\/strong><\/p>\n\n\n\n<p class=\"has-text-color has-link-color wp-elements-13 wp-block-paragraph\" style=\"color:#17343c;font-size:16px\">Les pr\u00e9sentes Conditions G\u00e9n\u00e9rales de Vente (CGV) ont pour objet de d\u00e9finir les droits et obligations des parties dans le cadre de la vente de produits et services d\u2019<strong>impression 3D \u00e0 la demande<\/strong>. Le site s3d-print.com ne propose pas de vente en ligne (eCommerce).<\/p>\n\n\n\n<p class=\"has-text-color has-link-color wp-elements-14 wp-block-paragraph\" style=\"color:#17343c;font-size:16px\">Toute commande valid\u00e9e implique l\u2019acceptation pleine et enti\u00e8re des pr\u00e9sentes CGV.<\/p>\n\n\n\n<p class=\"has-text-color has-link-color wp-elements-15 wp-block-paragraph\" style=\"color:#17343c\"><strong>3 &#8211; Produits et Services<\/strong><\/p>\n\n\n\n<p class=\"has-text-color has-link-color wp-elements-16 wp-block-paragraph\" style=\"color:#17343c;font-size:16px\">S3D-PRINT propose : <\/p>\n\n\n\n<ul class=\"wp-block-list\">\n<li class=\"has-text-color has-link-color wp-elements-17\" style=\"color:#17343c;font-size:16px\">l\u2019impression 3D de pi\u00e8ces \u00e0 partir de fichiers fournis par le client<\/li>\n\n\n\n<li class=\"has-text-color has-link-color wp-elements-18\" style=\"color:#17343c;font-size:16px\">la fabrication de pi\u00e8ces personnalis\u00e9es<\/li>\n\n\n\n<li class=\"has-text-color has-link-color wp-elements-19\" style=\"color:#17343c;font-size:16px\">la mod\u00e9lisation 3D sur demande<\/li>\n<\/ul>\n\n\n\n<p class=\"has-text-color has-link-color wp-elements-20 wp-block-paragraph\" style=\"color:#17343c;font-size:16px\">Les produits sont r\u00e9alis\u00e9s <strong>sur mesure<\/strong> selon les sp\u00e9cifications fournies par le client (fichier 3D, dimensions, mat\u00e9riaux, param\u00e8tres techniques).<\/p>\n\n\n\n<p class=\"has-text-color has-link-color wp-elements-21 wp-block-paragraph\" style=\"color:#17343c\"><strong>4 \u2013 Commande<\/strong><\/p>\n\n\n\n<p class=\"has-text-color has-link-color wp-elements-22 wp-block-paragraph\" style=\"color:#17343c;font-size:16px\">La commande est valid\u00e9e lorsque :<\/p>\n\n\n\n<ol class=\"wp-block-list\">\n<li class=\"has-text-color has-link-color wp-elements-23\" style=\"color:#17343c;font-size:16px\">le client accepte le devis en cliquant sur le lien de validation accompagnant le devis transmis par mail.<\/li>\n\n\n\n<li class=\"has-text-color has-link-color wp-elements-24\" style=\"color:#17343c;font-size:16px\">les pr\u00e9sentes CGV sont accept\u00e9es<\/li>\n\n\n\n<li class=\"has-text-color has-link-color wp-elements-25\" style=\"color:#17343c;font-size:16px\">l\u2019acompte (si demand\u00e9) est effectu\u00e9<\/li>\n<\/ol>\n\n\n\n<p class=\"has-text-color has-link-color wp-elements-26 wp-block-paragraph\" style=\"color:#17343c;font-size:16px\">Le client est <strong>enti\u00e8rement responsable du fichier 3D fourni<\/strong>, notamment :<\/p>\n\n\n\n<ul class=\"wp-block-list\">\n<li class=\"has-text-color has-link-color wp-elements-27\" style=\"color:#17343c;font-size:16px\">dimensions<\/li>\n\n\n\n<li class=\"has-text-color has-link-color wp-elements-28\" style=\"color:#17343c;font-size:16px\">conception<\/li>\n\n\n\n<li class=\"has-text-color has-link-color wp-elements-29\" style=\"color:#17343c;font-size:16px\">fonctionnalit\u00e9<\/li>\n\n\n\n<li class=\"has-text-color has-link-color wp-elements-30\" style=\"color:#17343c;font-size:16px\">compatibilit\u00e9 avec l\u2019impression 3D.<\/li>\n<\/ul>\n\n\n\n<p class=\"has-text-color has-link-color wp-elements-31 wp-block-paragraph\" style=\"color:#17343c\"><strong>5 \u2013 Prix<\/strong><\/p>\n\n\n\n<p class=\"has-text-color has-link-color wp-elements-32 wp-block-paragraph\" style=\"color:#17343c;font-size:16px\">Les prix sont indiqu\u00e9s en euros (\u20ac).<\/p>\n\n\n\n<p class=\"has-text-color has-link-color wp-elements-33 wp-block-paragraph\" style=\"color:#17343c;font-size:16px\">Sauf mention contraire, ils sont exprim\u00e9s <strong>TTC<\/strong>.<\/p>\n\n\n\n<p class=\"has-text-color has-link-color wp-elements-34 wp-block-paragraph\" style=\"color:#17343c;font-size:16px\">Le vendeur se r\u00e9serve le droit de modifier ses tarifs \u00e0 tout moment.<\/p>\n\n\n\n<p class=\"has-text-color has-link-color wp-elements-35 wp-block-paragraph\" style=\"color:#17343c;font-size:16px\">Le prix factur\u00e9 est celui en vigueur au moment de la commande.<\/p>\n\n\n\n<p class=\"has-text-color has-link-color wp-elements-36 wp-block-paragraph\" style=\"color:#17343c;font-size:16px\"><strong>6 \u2013 Paiement<\/strong><br>Le paiement peut \u00eatre effectu\u00e9 par :<\/p>\n\n\n\n<ul class=\"wp-block-list\">\n<li class=\"has-text-color has-link-color wp-elements-37\" style=\"color:#17343c;font-size:16px\">Carte bancaire<\/li>\n\n\n\n<li class=\"has-text-color has-link-color wp-elements-38\" style=\"color:#17343c;font-size:16px\">virement<\/li>\n\n\n\n<li class=\"has-text-color has-link-color wp-elements-39\" style=\"color:#17343c;font-size:16px\">esp\u00e8ce<\/li>\n<\/ul>\n\n\n\n<p class=\"has-text-color has-link-color wp-elements-40 wp-block-paragraph\" style=\"color:#17343c;font-size:16px\">La fabrication d\u00e9bute uniquement apr\u00e8s r\u00e9ception du paiement de l\u2019acompte si demand\u00e9 dans le devis.<\/p>\n\n\n\n<p class=\"has-text-color has-link-color wp-elements-41 wp-block-paragraph\" style=\"color:#17343c\"><strong>7 \u2013 Fabrication et tol\u00e9rances techniques<\/strong><\/p>\n\n\n\n<p class=\"has-text-color has-link-color wp-elements-42 wp-block-paragraph\" style=\"color:#17343c;font-size:16px\">Le client reconna\u00eet que l\u2019impression 3D comporte des contraintes techniques pouvant entra\u00eener :<\/p>\n\n\n\n<ul class=\"wp-block-list\">\n<li class=\"has-text-color has-link-color wp-elements-43\" style=\"color:#17343c;font-size:16px\">des stries visibles<\/li>\n\n\n\n<li class=\"has-text-color has-link-color wp-elements-44\" style=\"color:#17343c;font-size:16px\">des variations dimensionnelles<\/li>\n\n\n\n<li class=\"has-text-color has-link-color wp-elements-45\" style=\"color:#17343c;font-size:16px\">de l\u00e9g\u00e8res diff\u00e9rences de couleur ou texture.<\/li>\n\n\n\n<li class=\"has-text-color has-link-color wp-elements-46\" style=\"color:#17343c;font-size:16px\">la pr\u00e9sence de trace de support de teinte diff\u00e9rente utilis\u00e9 au moment de l\u2019impression<\/li>\n<\/ul>\n\n\n\n<p class=\"has-text-color has-link-color wp-elements-47 wp-block-paragraph\" style=\"color:#17343c;font-size:16px\">Ces caract\u00e9ristiques sont <strong>inh\u00e9rentes au proc\u00e9d\u00e9 de fabrication<\/strong> et ne peuvent \u00eatre consid\u00e9r\u00e9es comme des d\u00e9fauts.<\/p>\n\n\n\n<p class=\"has-text-color has-link-color wp-elements-48 wp-block-paragraph\" style=\"color:#17343c;font-size:16px\"><br><strong>8 \u2013 D\u00e9lais de fabrication<\/strong><br>Les d\u00e9lais de fabrication sont donn\u00e9s \u00e0 titre indicatif.<\/p>\n\n\n\n<p class=\"has-text-color has-link-color wp-elements-49 wp-block-paragraph\" style=\"color:#17343c;font-size:16px\">Ils peuvent varier selon :<\/p>\n\n\n\n<ul class=\"wp-block-list\">\n<li class=\"has-text-color has-link-color wp-elements-50\" style=\"color:#17343c;font-size:16px\">la complexit\u00e9 de la pi\u00e8ce<\/li>\n\n\n\n<li class=\"has-text-color has-link-color wp-elements-51\" style=\"color:#17343c;font-size:16px\">la charge de production<\/li>\n\n\n\n<li class=\"has-text-color has-link-color wp-elements-52\" style=\"color:#17343c;font-size:16px\">la disponibilit\u00e9 des mat\u00e9riaux.<\/li>\n<\/ul>\n\n\n\n<p class=\"has-text-color has-link-color wp-elements-53 wp-block-paragraph\" style=\"color:#17343c;font-size:16px\">Un retard raisonnable ne pourra donner lieu \u00e0 indemnisation.<\/p>\n\n\n\n<p class=\"has-text-color has-link-color wp-elements-54 wp-block-paragraph\" style=\"color:#17343c\"><strong>9 \u2013 Livraison<\/strong><\/p>\n\n\n\n<p class=\"has-text-color has-link-color wp-elements-55 wp-block-paragraph\" style=\"color:#17343c;font-size:16px\">Les produits sont livr\u00e9s \u00e0 l\u2019adresse indiqu\u00e9e lors de la commande ou en main propre.&nbsp;<\/p>\n\n\n\n<p class=\"has-text-color has-link-color wp-elements-56 wp-block-paragraph\" style=\"color:#17343c;font-size:16px\">Le client doit v\u00e9rifier l\u2019\u00e9tat du colis \u00e0 r\u00e9ception.<\/p>\n\n\n\n<p class=\"has-text-color has-link-color wp-elements-57 wp-block-paragraph\" style=\"color:#17343c;font-size:16px\">Toute r\u00e9clamation doit \u00eatre signal\u00e9e sans un d\u00e9lais de&nbsp; <strong>48 heure<\/strong>:<\/p>\n\n\n\n<ul class=\"wp-block-list\">\n<li class=\"has-text-color has-link-color wp-elements-58\" style=\"color:#17343c;font-size:16px\">au transporteur<\/li>\n\n\n\n<li class=\"has-text-color has-link-color wp-elements-59\" style=\"color:#17343c;font-size:16px\">et au vendeur<\/li>\n<\/ul>\n\n\n\n<p class=\"has-text-color has-link-color wp-elements-60 wp-block-paragraph\" style=\"color:#17343c\"><strong>10 \u2013 Droit de r\u00e9tractation<\/strong><\/p>\n\n\n\n<p class=\"has-text-color has-link-color wp-elements-61 wp-block-paragraph\" style=\"color:#17343c;font-size:16px\">Conform\u00e9ment \u00e0 l\u2019article L221-28 du Code de la consommation, le droit de r\u00e9tractation ne s\u2019applique pas aux biens <strong>personnalis\u00e9s ou fabriqu\u00e9s selon les sp\u00e9cifications du client<\/strong>. &nbsp;<\/p>\n\n\n\n<p class=\"has-text-color has-link-color wp-elements-62 wp-block-paragraph\" style=\"color:#17343c;font-size:16px\">Les impressions 3D \u00e9tant r\u00e9alis\u00e9es sur mesure, toute commande valid\u00e9e est ferme et d\u00e9finitive.<\/p>\n\n\n\n<p class=\"has-text-color has-link-color wp-elements-63 wp-block-paragraph\" style=\"color:#17343c\"><strong>11 \u2013 Responsabilit\u00e9<\/strong><\/p>\n\n\n\n<p class=\"has-text-color has-link-color wp-elements-64 wp-block-paragraph\" style=\"color:#17343c;font-size:16px\">Le vendeur ne pourra \u00eatre tenu responsable :<\/p>\n\n\n\n<ul class=\"wp-block-list\">\n<li class=\"has-text-color has-link-color wp-elements-65\" style=\"color:#17343c;font-size:16px\">d\u2019une erreur de conception du fichier fourni<\/li>\n\n\n\n<li class=\"has-text-color has-link-color wp-elements-66\" style=\"color:#17343c;font-size:16px\">d\u2019un d\u00e9faut li\u00e9 au mod\u00e8le 3D<\/li>\n\n\n\n<li class=\"has-text-color has-link-color wp-elements-67\" style=\"color:#17343c;font-size:16px\">d\u2019une mauvaise utilisation de la pi\u00e8ce imprim\u00e9e<\/li>\n\n\n\n<li class=\"has-text-color has-link-color wp-elements-68\" style=\"color:#17343c;font-size:16px\">de dommages indirects.<\/li>\n<\/ul>\n\n\n\n<p class=\"has-text-color has-link-color wp-elements-69 wp-block-paragraph\" style=\"color:#17343c;font-size:16px\">Le vendeur n\u2019effectue <strong>aucune validation technique approfondie du mod\u00e8le<\/strong>.<\/p>\n\n\n\n<p class=\"has-text-color has-link-color wp-elements-70 wp-block-paragraph\" style=\"color:#17343c;font-size:16px\">Le client est responsable de l\u2019usage final de la pi\u00e8ce produite.<\/p>\n\n\n\n<p class=\"has-text-color has-link-color wp-elements-71 wp-block-paragraph\" style=\"color:#17343c;font-size:16px\">Lorsque l\u2019impression 3D fait suite \u00e0 une mod\u00e9lisation r\u00e9alis\u00e9e par le vendeur, le fichier informatique du mod\u00e8le ou plan technique c\u00f4t\u00e9 est transmis au client pour validation avant l\u2019impression.&nbsp;<\/p>\n\n\n\n<p class=\"has-text-color has-link-color wp-elements-72 wp-block-paragraph\" style=\"color:#17343c\"><strong>12 \u2013 Objets interdits<\/strong><\/p>\n\n\n\n<p class=\"has-text-color has-link-color wp-elements-73 wp-block-paragraph\" style=\"color:#17343c;font-size:16px\">Le vendeur se r\u00e9serve le droit de refuser toute commande concernant :<\/p>\n\n\n\n<ul class=\"wp-block-list\">\n<li class=\"has-text-color has-link-color wp-elements-74\" style=\"color:#17343c;font-size:16px\">armes ou pi\u00e8ces d\u2019armes<\/li>\n\n\n\n<li class=\"has-text-color has-link-color wp-elements-75\" style=\"color:#17343c;font-size:16px\">objets ill\u00e9gaux<\/li>\n\n\n\n<li class=\"has-text-color has-link-color wp-elements-76\" style=\"color:#17343c;font-size:16px\">contenus portant atteinte \u00e0 des droits de propri\u00e9t\u00e9 intellectuelle<\/li>\n\n\n\n<li class=\"has-text-color has-link-color wp-elements-77\" style=\"color:#17343c;font-size:16px\">objets dangereux.<\/li>\n<\/ul>\n\n\n\n<p class=\"has-text-color has-link-color wp-elements-78 wp-block-paragraph\" style=\"color:#17343c\"><strong>13 \u2014 Droit de r\u00e9tractation (sp\u00e9cifique impression 3D)<\/strong><\/p>\n\n\n\n<p class=\"has-text-color has-link-color wp-elements-79 wp-block-paragraph\" style=\"color:#17343c;font-size:16px\">Conform\u00e9ment \u00e0 la r\u00e9glementation sur la vente \u00e0 distance :<\/p>\n\n\n\n<p class=\"has-text-color has-link-color wp-elements-80 wp-block-paragraph\" style=\"color:#17343c;font-size:16px\">Le droit de r\u00e9tractation <strong>ne s\u2019applique pas<\/strong> aux produits :<\/p>\n\n\n\n<ul class=\"wp-block-list\">\n<li class=\"has-text-color has-link-color wp-elements-81\" style=\"color:#17343c;font-size:16px\">personnalis\u00e9s<\/li>\n\n\n\n<li class=\"has-text-color has-link-color wp-elements-82\" style=\"color:#17343c;font-size:16px\">fabriqu\u00e9s sur mesure<\/li>\n\n\n\n<li class=\"has-text-color has-link-color wp-elements-83\" style=\"color:#17343c;font-size:16px\">r\u00e9alis\u00e9s selon les sp\u00e9cifications du client.<\/li>\n<\/ul>\n\n\n\n<p class=\"has-text-color has-link-color wp-elements-84 wp-block-paragraph\" style=\"color:#17343c;font-size:16px\">Les impressions 3D r\u00e9alis\u00e9es \u00e0 partir d\u2019un fichier client sont donc <strong>non remboursables<\/strong>.<\/p>\n\n\n\n<p class=\"has-text-color has-link-color wp-elements-85 wp-block-paragraph\" style=\"color:#17343c\"><strong>14 \u2014 Garantie<\/strong><\/p>\n\n\n\n<p class=\"has-text-color has-link-color wp-elements-86 wp-block-paragraph\" style=\"color:#17343c;font-size:16px\">Les produits b\u00e9n\u00e9ficient :<\/p>\n\n\n\n<ul class=\"wp-block-list\">\n<li class=\"has-text-color has-link-color wp-elements-87\" style=\"color:#17343c;font-size:16px\">de la <strong>garantie l\u00e9gale de conformit\u00e9<\/strong><\/li>\n\n\n\n<li class=\"has-text-color has-link-color wp-elements-88\" style=\"color:#17343c;font-size:16px\">de la <strong>garantie contre les vices cach\u00e9s<\/strong>.<\/li>\n<\/ul>\n\n\n\n<p class=\"has-text-color has-link-color wp-elements-89 wp-block-paragraph\" style=\"color:#17343c;font-size:16px\">La garantie ne couvre pas :<\/p>\n\n\n\n<ul class=\"wp-block-list\">\n<li>l\u2019usure normale<\/li>\n\n\n\n<li>une mauvaise utilisation<\/li>\n\n\n\n<li>une mauvaise conception du fichier.<\/li>\n<\/ul>\n\n\n\n<p class=\"has-text-color has-link-color wp-elements-90 wp-block-paragraph\" style=\"color:#17343c\"><strong>15 \u2014 Limitation de responsabilit\u00e9<\/strong><\/p>\n\n\n\n<p class=\"has-text-color has-link-color wp-elements-91 wp-block-paragraph\" style=\"color:#17343c;font-size:16px\">La responsabilit\u00e9 du vendeur est limit\u00e9e au montant de la commande.<\/p>\n\n\n\n<p class=\"has-text-color has-link-color wp-elements-92 wp-block-paragraph\" style=\"color:#17343c;font-size:16px\">Le vendeur ne pourra \u00eatre tenu responsable :<\/p>\n\n\n\n<ul class=\"wp-block-list\">\n<li class=\"has-text-color has-link-color wp-elements-93\" style=\"color:#17343c;font-size:16px\">de dommages indirects<\/li>\n\n\n\n<li class=\"has-text-color has-link-color wp-elements-94\" style=\"color:#17343c;font-size:16px\">de pertes d\u2019exploitation<\/li>\n\n\n\n<li class=\"has-text-color has-link-color wp-elements-95\" style=\"color:#17343c;font-size:16px\">de pertes financi\u00e8res.<\/li>\n<\/ul>\n\n\n\n<p class=\"has-text-color has-link-color wp-elements-96 wp-block-paragraph\" style=\"color:#17343c\"><strong>16 \u2014 Confidentialit\u00e9 des fichiers clients<\/strong><\/p>\n\n\n\n<p class=\"has-text-color has-link-color wp-elements-97 wp-block-paragraph\" style=\"color:#17343c;font-size:16px\">Les fichiers transmis par le client :<\/p>\n\n\n\n<ul class=\"wp-block-list\">\n<li class=\"has-text-color has-link-color wp-elements-98\" style=\"color:#17343c;font-size:16px\">restent la propri\u00e9t\u00e9 du client<\/li>\n\n\n\n<li class=\"has-text-color has-link-color wp-elements-99\" style=\"color:#17343c;font-size:16px\">ne sont utilis\u00e9s que pour la fabrication.<\/li>\n<\/ul>\n\n\n\n<p class=\"has-text-color has-link-color wp-elements-100 wp-block-paragraph\" style=\"color:#17343c;font-size:16px\">Sauf accord explicite, ils ne seront ni diffus\u00e9s ni commercialis\u00e9s.<\/p>\n\n\n\n<p class=\"has-text-color has-link-color wp-elements-101 wp-block-paragraph\" style=\"color:#17343c\"><strong>17 \u2014 Propri\u00e9t\u00e9 intellectuelle<\/strong><\/p>\n\n\n\n<p class=\"has-text-color has-link-color wp-elements-102 wp-block-paragraph\" style=\"color:#17343c;font-size:16px\">Le client garantit qu\u2019il dispose des droits n\u00e9cessaires sur les mod\u00e8les transmis.<\/p>\n\n\n\n<p class=\"has-text-color has-link-color wp-elements-103 wp-block-paragraph\" style=\"color:#17343c;font-size:16px\">En cas de litige relatif \u00e0 la propri\u00e9t\u00e9 intellectuelle, le client assumera l\u2019enti\u00e8re responsabilit\u00e9.<\/p>\n\n\n\n<p class=\"has-text-color has-link-color wp-elements-104 wp-block-paragraph\" style=\"color:#17343c\"><strong>18 \u2014 Donn\u00e9es personnelles<\/strong><\/p>\n\n\n\n<p class=\"has-text-color has-link-color wp-elements-105 wp-block-paragraph\" style=\"color:#17343c;font-size:16px\">Les donn\u00e9es collect\u00e9es sont n\u00e9cessaires pour :<\/p>\n\n\n\n<ul class=\"wp-block-list\">\n<li class=\"has-text-color has-link-color wp-elements-106\" style=\"color:#17343c;font-size:16px\">le traitement des commandes<\/li>\n\n\n\n<li class=\"has-text-color has-link-color wp-elements-107\" style=\"color:#17343c;font-size:16px\">la livraison<\/li>\n\n\n\n<li class=\"has-text-color has-link-color wp-elements-108\" style=\"color:#17343c;font-size:16px\">la facturation.<\/li>\n<\/ul>\n\n\n\n<p class=\"has-text-color has-link-color wp-elements-109 wp-block-paragraph\" style=\"color:#17343c;font-size:16px\">Elles sont utilis\u00e9es uniquement dans le cadre de la relation commerciale et ne sont pas revendues \u00e0 des tiers.<\/p>\n\n\n\n<p class=\"has-text-color has-link-color wp-elements-110 wp-block-paragraph\" style=\"color:#17343c\"><strong>19 \u2014 Force majeure<\/strong><\/p>\n\n\n\n<p class=\"has-text-color has-link-color wp-elements-111 wp-block-paragraph\" style=\"color:#17343c;font-size:16px\">Le vendeur ne pourra \u00eatre tenu responsable d\u2019un retard ou d\u2019une impossibilit\u00e9 d\u2019ex\u00e9cution en cas de :<\/p>\n\n\n\n<ul class=\"wp-block-list\">\n<li class=\"has-text-color has-link-color wp-elements-112\" style=\"color:#17343c;font-size:16px\">panne technique<\/li>\n\n\n\n<li class=\"has-text-color has-link-color wp-elements-113\" style=\"color:#17343c;font-size:16px\">catastrophe naturelle<\/li>\n\n\n\n<li class=\"has-text-color has-link-color wp-elements-114\" style=\"color:#17343c;font-size:16px\">incendie<\/li>\n\n\n\n<li class=\"has-text-color has-link-color wp-elements-115\" style=\"color:#17343c;font-size:16px\">gr\u00e8ve<\/li>\n\n\n\n<li class=\"has-text-color has-link-color wp-elements-116\" style=\"color:#17343c;font-size:16px\">rupture d\u2019approvisionnement.<\/li>\n\n\n\n<li><\/li>\n<\/ul>\n\n\n\n<p class=\"has-text-color has-link-color wp-elements-117 wp-block-paragraph\" style=\"color:#17343c\"><strong>20 \u2013 Droit applicable<\/strong><\/p>\n\n\n\n<p class=\"has-text-color has-link-color wp-elements-118 wp-block-paragraph\" style=\"color:#17343c;font-size:16px\">Les pr\u00e9sentes CGV sont soumises au <strong>droit fran\u00e7ais<\/strong>.<\/p>\n\n\n\n<p class=\"has-text-color has-link-color wp-elements-119 wp-block-paragraph\" style=\"color:#17343c;font-size:16px\">En cas de litige, une solution amiable sera recherch\u00e9e avant toute action judiciaire.<\/p>\n","protected":false},"excerpt":{"rendered":"<p>CONDITIONS G\u00c9N\u00c9RALES DE VENTE (CGV) Site : s3d-print.com Derni\u00e8re mise \u00e0 jour : 06\/03\/2026 1 &#8211; Identit\u00e9 du vendeur Les pr\u00e9sentes Conditions G\u00e9n\u00e9rales de Vente sont propos\u00e9es par : Ci apr\u00e8s d\u00e9nomm\u00e9 \u00ab\u00a0le Vendeur\u00a0\u00bb 2 &#8211; Objet Les pr\u00e9sentes Conditions G\u00e9n\u00e9rales de Vente (CGV) ont&hellip;<\/p>\n","protected":false},"author":1,"featured_media":0,"parent":0,"menu_order":0,"comment_status":"closed","ping_status":"closed","template":"","meta":{"footnotes":""},"class_list":["post-975","page","type-page","status-publish","hentry"],"yoast_head":"<!-- This site is optimized with the Yoast SEO plugin v28.4 - https:\/\/yoast.com\/product\/yoast-seo-wordpress\/ -->\n<title>Impression 3D en Guadeloupe, mod\u00e9lisation 3D<\/title>\n<meta name=\"description\" content=\"Guadeloupe S3D-PRINT Conditions G\u00e9n\u00e9rales de Vente (CGV) - impression 3D mod\u00e9lisation fabrication additive pi\u00e8ces d\u00e9tach\u00e9es plastique r\u00e9sine guadeloupe\" \/>\n<meta name=\"robots\" content=\"index, follow, max-snippet:-1, max-image-preview:large, max-video-preview:-1\" \/>\n<link rel=\"canonical\" href=\"https:\/\/s3d-print.com\/?page_id=975\" \/>\n<meta property=\"og:locale\" content=\"fr_FR\" \/>\n<meta property=\"og:type\" content=\"article\" \/>\n<meta property=\"og:title\" content=\"Impression 3D en Guadeloupe, mod\u00e9lisation 3D\" \/>\n<meta property=\"og:description\" content=\"Guadeloupe S3D-PRINT Conditions G\u00e9n\u00e9rales de Vente (CGV) - impression 3D mod\u00e9lisation fabrication additive pi\u00e8ces d\u00e9tach\u00e9es plastique r\u00e9sine guadeloupe\" \/>\n<meta property=\"og:url\" content=\"https:\/\/s3d-print.com\/?page_id=975\" \/>\n<meta property=\"og:site_name\" content=\"S3D-PRINT\" \/>\n<meta property=\"article:publisher\" content=\"https:\/\/www.facebook.com\/profile.php?id=100089119715440\" \/>\n<meta property=\"article:modified_time\" content=\"2026-03-07T20:15:26+00:00\" \/>\n<meta property=\"og:image\" content=\"https:\/\/s3d-print.com\/wp-content\/uploads\/2023\/02\/cropped-Logo_Petit.png\" \/>\n\t<meta property=\"og:image:width\" content=\"138\" \/>\n\t<meta property=\"og:image:height\" content=\"112\" \/>\n\t<meta property=\"og:image:type\" content=\"image\/png\" \/>\n<meta name=\"twitter:card\" content=\"summary_large_image\" \/>\n<meta name=\"twitter:label1\" content=\"Dur\u00e9e de lecture estim\u00e9e\" \/>\n\t<meta name=\"twitter:data1\" content=\"5 minutes\" \/>\n<script type=\"application\/ld+json\" class=\"yoast-schema-graph\">{\"@context\":\"https:\\\/\\\/schema.org\",\"@graph\":[{\"@type\":\"WebPage\",\"@id\":\"https:\\\/\\\/s3d-print.com\\\/?page_id=975\",\"url\":\"https:\\\/\\\/s3d-print.com\\\/?page_id=975\",\"name\":\"Impression 3D en Guadeloupe, mod\u00e9lisation 3D\",\"isPartOf\":{\"@id\":\"https:\\\/\\\/s3d-print.com\\\/#website\"},\"datePublished\":\"2026-03-06T22:03:08+00:00\",\"dateModified\":\"2026-03-07T20:15:26+00:00\",\"description\":\"Guadeloupe S3D-PRINT Conditions G\u00e9n\u00e9rales de Vente (CGV) - impression 3D mod\u00e9lisation fabrication additive pi\u00e8ces d\u00e9tach\u00e9es plastique r\u00e9sine guadeloupe\",\"breadcrumb\":{\"@id\":\"https:\\\/\\\/s3d-print.com\\\/?page_id=975#breadcrumb\"},\"inLanguage\":\"fr-FR\",\"potentialAction\":[{\"@type\":\"ReadAction\",\"target\":[\"https:\\\/\\\/s3d-print.com\\\/?page_id=975\"]}]},{\"@type\":\"BreadcrumbList\",\"@id\":\"https:\\\/\\\/s3d-print.com\\\/?page_id=975#breadcrumb\",\"itemListElement\":[{\"@type\":\"ListItem\",\"position\":1,\"name\":\"Accueil\",\"item\":\"https:\\\/\\\/s3d-print.com\\\/\"},{\"@type\":\"ListItem\",\"position\":2,\"name\":\"Conditions G\u00e9n\u00e9rales de Vente (CGV)\"}]},{\"@type\":\"WebSite\",\"@id\":\"https:\\\/\\\/s3d-print.com\\\/#website\",\"url\":\"https:\\\/\\\/s3d-print.com\\\/\",\"name\":\"S3D-PRINT\",\"description\":\"Mod\u00e9lisation et impression 3D en Guadeloupe et aux Antilles\",\"publisher\":{\"@id\":\"https:\\\/\\\/s3d-print.com\\\/#organization\"},\"potentialAction\":[{\"@type\":\"SearchAction\",\"target\":{\"@type\":\"EntryPoint\",\"urlTemplate\":\"https:\\\/\\\/s3d-print.com\\\/?s={search_term_string}\"},\"query-input\":{\"@type\":\"PropertyValueSpecification\",\"valueRequired\":true,\"valueName\":\"search_term_string\"}}],\"inLanguage\":\"fr-FR\"},{\"@type\":\"Organization\",\"@id\":\"https:\\\/\\\/s3d-print.com\\\/#organization\",\"name\":\"S3D-PRINT\",\"url\":\"https:\\\/\\\/s3d-print.com\\\/\",\"logo\":{\"@type\":\"ImageObject\",\"inLanguage\":\"fr-FR\",\"@id\":\"https:\\\/\\\/s3d-print.com\\\/#\\\/schema\\\/logo\\\/image\\\/\",\"url\":\"https:\\\/\\\/s3d-print.com\\\/wp-content\\\/uploads\\\/2023\\\/02\\\/Logo-1.png\",\"contentUrl\":\"https:\\\/\\\/s3d-print.com\\\/wp-content\\\/uploads\\\/2023\\\/02\\\/Logo-1.png\",\"width\":3005,\"height\":844,\"caption\":\"S3D-PRINT\"},\"image\":{\"@id\":\"https:\\\/\\\/s3d-print.com\\\/#\\\/schema\\\/logo\\\/image\\\/\"},\"sameAs\":[\"https:\\\/\\\/www.facebook.com\\\/profile.php?id=100089119715440\",\"https:\\\/\\\/www.instagram.com\\\/s3d.print\\\/\"]}]}<\/script>\n<!-- \/ Yoast SEO plugin. -->","yoast_head_json":{"title":"Impression 3D en Guadeloupe, mod\u00e9lisation 3D","description":"Guadeloupe S3D-PRINT Conditions G\u00e9n\u00e9rales de Vente (CGV) - impression 3D mod\u00e9lisation fabrication additive pi\u00e8ces d\u00e9tach\u00e9es plastique r\u00e9sine guadeloupe","robots":{"index":"index","follow":"follow","max-snippet":"max-snippet:-1","max-image-preview":"max-image-preview:large","max-video-preview":"max-video-preview:-1"},"canonical":"https:\/\/s3d-print.com\/?page_id=975","og_locale":"fr_FR","og_type":"article","og_title":"Impression 3D en Guadeloupe, mod\u00e9lisation 3D","og_description":"Guadeloupe S3D-PRINT Conditions G\u00e9n\u00e9rales de Vente (CGV) - impression 3D mod\u00e9lisation fabrication additive pi\u00e8ces d\u00e9tach\u00e9es plastique r\u00e9sine guadeloupe","og_url":"https:\/\/s3d-print.com\/?page_id=975","og_site_name":"S3D-PRINT","article_publisher":"https:\/\/www.facebook.com\/profile.php?id=100089119715440","article_modified_time":"2026-03-07T20:15:26+00:00","og_image":[{"width":138,"height":112,"url":"https:\/\/s3d-print.com\/wp-content\/uploads\/2023\/02\/cropped-Logo_Petit.png","type":"image\/png"}],"twitter_card":"summary_large_image","twitter_misc":{"Dur\u00e9e de lecture estim\u00e9e":"5 minutes"},"schema":{"@context":"https:\/\/schema.org","@graph":[{"@type":"WebPage","@id":"https:\/\/s3d-print.com\/?page_id=975","url":"https:\/\/s3d-print.com\/?page_id=975","name":"Impression 3D en Guadeloupe, mod\u00e9lisation 3D","isPartOf":{"@id":"https:\/\/s3d-print.com\/#website"},"datePublished":"2026-03-06T22:03:08+00:00","dateModified":"2026-03-07T20:15:26+00:00","description":"Guadeloupe S3D-PRINT Conditions G\u00e9n\u00e9rales de Vente (CGV) - impression 3D mod\u00e9lisation fabrication additive pi\u00e8ces d\u00e9tach\u00e9es plastique r\u00e9sine guadeloupe","breadcrumb":{"@id":"https:\/\/s3d-print.com\/?page_id=975#breadcrumb"},"inLanguage":"fr-FR","potentialAction":[{"@type":"ReadAction","target":["https:\/\/s3d-print.com\/?page_id=975"]}]},{"@type":"BreadcrumbList","@id":"https:\/\/s3d-print.com\/?page_id=975#breadcrumb","itemListElement":[{"@type":"ListItem","position":1,"name":"Accueil","item":"https:\/\/s3d-print.com\/"},{"@type":"ListItem","position":2,"name":"Conditions G\u00e9n\u00e9rales de Vente (CGV)"}]},{"@type":"WebSite","@id":"https:\/\/s3d-print.com\/#website","url":"https:\/\/s3d-print.com\/","name":"S3D-PRINT","description":"Mod\u00e9lisation et impression 3D en Guadeloupe et aux Antilles","publisher":{"@id":"https:\/\/s3d-print.com\/#organization"},"potentialAction":[{"@type":"SearchAction","target":{"@type":"EntryPoint","urlTemplate":"https:\/\/s3d-print.com\/?s={search_term_string}"},"query-input":{"@type":"PropertyValueSpecification","valueRequired":true,"valueName":"search_term_string"}}],"inLanguage":"fr-FR"},{"@type":"Organization","@id":"https:\/\/s3d-print.com\/#organization","name":"S3D-PRINT","url":"https:\/\/s3d-print.com\/","logo":{"@type":"ImageObject","inLanguage":"fr-FR","@id":"https:\/\/s3d-print.com\/#\/schema\/logo\/image\/","url":"https:\/\/s3d-print.com\/wp-content\/uploads\/2023\/02\/Logo-1.png","contentUrl":"https:\/\/s3d-print.com\/wp-content\/uploads\/2023\/02\/Logo-1.png","width":3005,"height":844,"caption":"S3D-PRINT"},"image":{"@id":"https:\/\/s3d-print.com\/#\/schema\/logo\/image\/"},"sameAs":["https:\/\/www.facebook.com\/profile.php?id=100089119715440","https:\/\/www.instagram.com\/s3d.print\/"]}]}},"_links":{"self":[{"href":"https:\/\/s3d-print.com\/index.php?rest_route=\/wp\/v2\/pages\/975","targetHints":{"allow":["GET"]}}],"collection":[{"href":"https:\/\/s3d-print.com\/index.php?rest_route=\/wp\/v2\/pages"}],"about":[{"href":"https:\/\/s3d-print.com\/index.php?rest_route=\/wp\/v2\/types\/page"}],"author":[{"embeddable":true,"href":"https:\/\/s3d-print.com\/index.php?rest_route=\/wp\/v2\/users\/1"}],"replies":[{"embeddable":true,"href":"https:\/\/s3d-print.com\/index.php?rest_route=%2Fwp%2Fv2%2Fcomments&post=975"}],"version-history":[{"count":11,"href":"https:\/\/s3d-print.com\/index.php?rest_route=\/wp\/v2\/pages\/975\/revisions"}],"predecessor-version":[{"id":993,"href":"https:\/\/s3d-print.com\/index.php?rest_route=\/wp\/v2\/pages\/975\/revisions\/993"}],"wp:attachment":[{"href":"https:\/\/s3d-print.com\/index.php?rest_route=%2Fwp%2Fv2%2Fmedia&parent=975"}],"curies":[{"name":"wp","href":"https:\/\/api.w.org\/{rel}","templated":true}]}}